{"id":11106,"date":"2020-08-27T10:26:29","date_gmt":"2020-08-27T08:26:29","guid":{"rendered":"https:\/\/ardennerallyfestival.be\/accueil\/"},"modified":"2026-02-17T13:33:17","modified_gmt":"2026-02-17T12:33:17","slug":"accueil","status":"publish","type":"page","link":"https:\/\/ardennerallyfestival.be\/de\/","title":{"rendered":"Startseite"},"content":{"rendered":"","protected":false},"excerpt":{"rendered":"","protected":false},"author":2,"featured_media":0,"parent":0,"menu_order":3,"comment_status":"closed","ping_status":"closed","template":"","meta":{"_acf_changed":false,"footnotes":""},"class_list":["post-11106","page","type-page","status-publish","hentry"],"acf":{"header_type":"showreel","slider":[{"ID":14976,"id":14976,"title":"202405_ARF_Friday_192","filename":"202405_ARF_Friday_192-2-scaled.jpg","filesize":361260,"url":"https:\/\/ardennerallyfestival.be\/wp-content\/uploads\/sites\/22\/202405_ARF_Friday_192-2-scaled.jpg","link":"https:\/\/ardennerallyfestival.be\/de\/accueil\/202405_arf_friday_192-3\/","alt":"","author":"2","description":"","caption":"","name":"202405_arf_friday_192-3","status":"inherit","uploaded_to":11106,"date":"2024-05-07 12:51:07","modified":"2024-05-07 12:51:07","menu_order":0,"mime_type":"image\/jpeg","type":"image","subtype":"jpeg","icon":"https:\/\/ardennerallyfestival.be\/wp-includes\/images\/media\/default.png","width":1872,"height":1248,"sizes":{"thumbnail":"https:\/\/ardennerallyfestival.be\/wp-content\/uploads\/sites\/22\/202405_ARF_Friday_192-2-150x150.jpg","thumbnail-width":150,"thumbnail-height":150,"medium":"https:\/\/ardennerallyfestival.be\/wp-content\/uploads\/sites\/22\/202405_ARF_Friday_192-2-300x200.jpg","medium-width":300,"medium-height":200,"large":"https:\/\/ardennerallyfestival.be\/wp-content\/uploads\/sites\/22\/202405_ARF_Friday_192-2-1024x683.jpg","large-width":1024,"large-height":683}},{"ID":14968,"id":14968,"title":"202405_ARF_Saturday_073","filename":"202405_ARF_Saturday_073-3-scaled.jpg","filesize":267704,"url":"https:\/\/ardennerallyfestival.be\/wp-content\/uploads\/sites\/22\/202405_ARF_Saturday_073-3-scaled.jpg","link":"https:\/\/ardennerallyfestival.be\/de\/accueil\/202405_arf_saturday_073-3\/","alt":"","author":"2","description":"","caption":"","name":"202405_arf_saturday_073-3","status":"inherit","uploaded_to":11106,"date":"2024-05-07 12:50:57","modified":"2024-05-07 12:50:57","menu_order":0,"mime_type":"image\/jpeg","type":"image","subtype":"jpeg","icon":"https:\/\/ardennerallyfestival.be\/wp-includes\/images\/media\/default.png","width":1872,"height":1248,"sizes":{"thumbnail":"https:\/\/ardennerallyfestival.be\/wp-content\/uploads\/sites\/22\/202405_ARF_Saturday_073-3-150x150.jpg","thumbnail-width":150,"thumbnail-height":150,"medium":"https:\/\/ardennerallyfestival.be\/wp-content\/uploads\/sites\/22\/202405_ARF_Saturday_073-3-300x200.jpg","medium-width":300,"medium-height":200,"large":"https:\/\/ardennerallyfestival.be\/wp-content\/uploads\/sites\/22\/202405_ARF_Saturday_073-3-1024x683.jpg","large-width":1024,"large-height":683}},{"ID":14972,"id":14972,"title":"202405_ARF_Friday_158","filename":"202405_ARF_Friday_158-2-scaled-e1715086572972.jpg","filesize":278827,"url":"https:\/\/ardennerallyfestival.be\/wp-content\/uploads\/sites\/22\/202405_ARF_Friday_158-2-scaled-e1715086572972.jpg","link":"https:\/\/ardennerallyfestival.be\/de\/accueil\/202405_arf_friday_158-3\/","alt":"","author":"2","description":"","caption":"","name":"202405_arf_friday_158-3","status":"inherit","uploaded_to":11106,"date":"2024-05-07 12:51:02","modified":"2024-05-07 12:56:15","menu_order":0,"mime_type":"image\/jpeg","type":"image","subtype":"jpeg","icon":"https:\/\/ardennerallyfestival.be\/wp-includes\/images\/media\/default.png","width":2560,"height":1024,"sizes":{"thumbnail":"https:\/\/ardennerallyfestival.be\/wp-content\/uploads\/sites\/22\/202405_ARF_Friday_158-2-scaled-e1715086572972-150x150.jpg","thumbnail-width":150,"thumbnail-height":150,"medium":"https:\/\/ardennerallyfestival.be\/wp-content\/uploads\/sites\/22\/202405_ARF_Friday_158-2-scaled-e1715086572972-300x120.jpg","medium-width":300,"medium-height":120,"large":"https:\/\/ardennerallyfestival.be\/wp-content\/uploads\/sites\/22\/202405_ARF_Friday_158-2-scaled-e1715086572972-1024x410.jpg","large-width":1024,"large-height":410}},{"ID":14980,"id":14980,"title":"202405_ARF_Saturday_035","filename":"202405_ARF_Saturday_035-2-scaled-e1715086590242.jpg","filesize":270513,"url":"https:\/\/ardennerallyfestival.be\/wp-content\/uploads\/sites\/22\/202405_ARF_Saturday_035-2-scaled-e1715086590242.jpg","link":"https:\/\/ardennerallyfestival.be\/de\/accueil\/202405_arf_saturday_035-3\/","alt":"","author":"2","description":"","caption":"","name":"202405_arf_saturday_035-3","status":"inherit","uploaded_to":11106,"date":"2024-05-07 12:51:12","modified":"2024-05-07 12:56:32","menu_order":0,"mime_type":"image\/jpeg","type":"image","subtype":"jpeg","icon":"https:\/\/ardennerallyfestival.be\/wp-includes\/images\/media\/default.png","width":2560,"height":942,"sizes":{"thumbnail":"https:\/\/ardennerallyfestival.be\/wp-content\/uploads\/sites\/22\/202405_ARF_Saturday_035-2-scaled-e1715086590242-150x150.jpg","thumbnail-width":150,"thumbnail-height":150,"medium":"https:\/\/ardennerallyfestival.be\/wp-content\/uploads\/sites\/22\/202405_ARF_Saturday_035-2-scaled-e1715086590242-300x110.jpg","medium-width":300,"medium-height":110,"large":"https:\/\/ardennerallyfestival.be\/wp-content\/uploads\/sites\/22\/202405_ARF_Saturday_035-2-scaled-e1715086590242-1024x377.jpg","large-width":1024,"large-height":377}},{"ID":14984,"id":14984,"title":"202405_ARF_Saturday_100","filename":"202405_ARF_Saturday_100-2-scaled-e1715086396411.jpg","filesize":213002,"url":"https:\/\/ardennerallyfestival.be\/wp-content\/uploads\/sites\/22\/202405_ARF_Saturday_100-2-scaled-e1715086396411.jpg","link":"https:\/\/ardennerallyfestival.be\/de\/accueil\/202405_arf_saturday_100-3\/","alt":"","author":"2","description":"","caption":"","name":"202405_arf_saturday_100-3","status":"inherit","uploaded_to":11106,"date":"2024-05-07 12:51:16","modified":"2024-05-07 12:55:59","menu_order":0,"mime_type":"image\/jpeg","type":"image","subtype":"jpeg","icon":"https:\/\/ardennerallyfestival.be\/wp-includes\/images\/media\/default.png","width":2560,"height":1156,"sizes":{"thumbnail":"https:\/\/ardennerallyfestival.be\/wp-content\/uploads\/sites\/22\/202405_ARF_Saturday_100-2-150x150.jpg","thumbnail-width":150,"thumbnail-height":150,"medium":"https:\/\/ardennerallyfestival.be\/wp-content\/uploads\/sites\/22\/202405_ARF_Saturday_100-2-300x200.jpg","medium-width":300,"medium-height":200,"large":"https:\/\/ardennerallyfestival.be\/wp-content\/uploads\/sites\/22\/202405_ARF_Saturday_100-2-1024x683.jpg","large-width":1024,"large-height":683}}],"start_intro_title":"Ardenne Rally Festival 2026","start_intro":"<div>\n<p><span lang=\"NL-BE\">Ardennen Rallye Festival 2026 \u2013 am 29. und 30. Mai!<\/span><\/p>\n<\/div>\n<div>\n<p><span lang=\"NL-BE\">Gute Gewohnheiten sollte man beibehalten! Nach dem erfolgreichen Start des<\/span><span class=\"apple-converted-space\"><span lang=\"NL-BE\">\u00a0<\/span><\/span><span lang=\"NL-BE\">Ardennen Rallye Festival<\/span><span class=\"apple-converted-space\"><span lang=\"NL-BE\">\u00a0<\/span><\/span><span lang=\"NL-BE\">im Jahr 2024 l\u00e4dt<\/span><span class=\"apple-converted-space\"><span lang=\"NL-BE\">\u00a0<\/span><\/span><span lang=\"NL-BE\">DG Sport<\/span><span class=\"apple-converted-space\"><span lang=\"NL-BE\">\u00a0<\/span><\/span><span lang=\"NL-BE\">auch 2026 wieder alle Rallye- und Motorsportfans in die Region rund um<\/span><span class=\"apple-converted-space\"><span lang=\"NL-BE\">\u00a0<\/span><\/span><span lang=\"NL-BE\">Vresse-sur-Semois<\/span><span class=\"apple-converted-space\"><span lang=\"NL-BE\">\u00a0<\/span><\/span><span lang=\"NL-BE\">ein \u2013 ins Herz einer Landschaft, die wie geschaffen ist f\u00fcr die Kunst des Fahrens. Und f\u00fcr jene besonderen Momente, in denen man gemeinsam Erinnerungen an legend\u00e4re Autos und gro\u00dfe Zeiten aufleben l\u00e4sst\u2026<\/span><\/p>\n<\/div>\n<div>\n<p><span lang=\"NL-BE\">Am<\/span><span class=\"apple-converted-space\"><span lang=\"NL-BE\">\u00a0<\/span><\/span><span lang=\"NL-BE\">Freitag, 29., und Samstag, 30. Mai 2026<\/span><span class=\"apple-converted-space\"><span lang=\"NL-BE\">\u00a0<\/span><\/span><span lang=\"NL-BE\">\u00f6ffnet DG Sport zum dritten Mal das gro\u00dfe Buch der Rallyegeschichte. Zwei Tage lang werden die ber\u00fchmtesten Marken und Modelle erneut auf den Demo-Strecken unterwegs sein, die sich malerisch durch die Region schl\u00e4ngeln. Von den Klassikern der 60er-Jahre \u00fcber die spektakul\u00e4ren<\/span><span class=\"apple-converted-space\"><span lang=\"NL-BE\">\u00a0<\/span><\/span><span lang=\"NL-BE\">Gruppe 4<\/span><span lang=\"NL-BE\">, die legend\u00e4ren<\/span><span class=\"apple-converted-space\"><span lang=\"NL-BE\">\u00a0<\/span><\/span><span lang=\"NL-BE\">Gruppe B<\/span><span class=\"apple-converted-space\"><span lang=\"NL-BE\">\u00a0<\/span><\/span><span lang=\"NL-BE\">und die kraftvollen<\/span><span class=\"apple-converted-space\"><span lang=\"NL-BE\">\u00a0<\/span><\/span><span lang=\"NL-BE\">Gruppe A<\/span><span lang=\"NL-BE\">, bis hin zu den<\/span><span class=\"apple-converted-space\"><span lang=\"NL-BE\">\u00a0<\/span><\/span><span lang=\"NL-BE\">World Rally Cars<\/span><span class=\"apple-converted-space\"><span lang=\"NL-BE\">\u00a0<\/span><\/span><span lang=\"NL-BE\">der ersten Generation \u2013 ganze<\/span><span class=\"apple-converted-space\"><span lang=\"NL-BE\">\u00a0<\/span><\/span><span lang=\"NL-BE\">sieben Jahrzehnte Rallye-Faszination<\/span><span class=\"apple-converted-space\"><span lang=\"NL-BE\">\u00a0<\/span><\/span><span lang=\"NL-BE\">werden wieder lebendig. Das Podium befindet sich wie gewohnt im<\/span><span class=\"apple-converted-space\"><span lang=\"NL-BE\">\u00a0<\/span><\/span><span lang=\"NL-BE\">Espace Cognaut<\/span><span lang=\"NL-BE\">, im Herzen von Vresse-sur-Semois.<\/span><\/p>\n<\/div>\n<div>\n<p><span lang=\"NL-BE\">Ohne Wettbewerbsdruck steht beim<\/span><span class=\"apple-converted-space\"><span lang=\"NL-BE\">\u00a0<\/span><\/span><span lang=\"NL-BE\">Ardennen Rallye Festival<\/span><span class=\"apple-converted-space\"><span lang=\"NL-BE\">\u00a0<\/span><\/span><span lang=\"NL-BE\">die entspannte Atmosph\u00e4re im Mittelpunkt. Hier k\u00f6nnen Rallye-Enthusiasten in aller Ruhe mit Fahrern, Beifahrern, Fahrzeugbesitzern und Teamchefs ins Gespr\u00e4ch kommen \u2013 umgeben von einer herrlich idyllischen Landschaft. Und wenn die Sonne, wie so oft, mit<\/span><span class=\"apple-converted-space\"><span lang=\"NL-BE\">\u00a0<\/span><\/span><span lang=\"NL-BE\">DG Sport<\/span><span class=\"apple-converted-space\"><span lang=\"NL-BE\">\u00a0<\/span><\/span><span lang=\"NL-BE\">um die Wette strahlt, darf man sich auf ein unvergessliches Erlebnis freuen\u2026<\/span><\/p>\n<\/div>\n<div>\n<p><span lang=\"NL-BE\">Jetzt hei\u00dft es: Termin vormerken! <\/span><span lang=\"NL-BE\">Tragen Sie sich die<\/span><span class=\"apple-converted-space\"><span lang=\"NL-BE\">\u00a0<\/span><\/span><span lang=\"NL-BE\">29. und 30. Mai 2026<\/span><span class=\"apple-converted-space\"><span lang=\"NL-BE\">\u00a0<\/span><\/span><span lang=\"NL-BE\">unbedingt in Ihren Kalender ein und planen Sie ein paar genussvolle Tage \u2013 oder Abende \u2013 ganz in der N\u00e4he der franz\u00f6sischen Grenze.<\/span><\/p>\n<\/div>\n<div>\n<p><span lang=\"NL-BE\">Weitere Informationen zum Teilnehmerfeld des Jahrgangs<\/span><span class=\"apple-converted-space\"><span lang=\"NL-BE\">\u00a0<\/span><\/span><span lang=\"NL-BE\">2026<\/span><span class=\"apple-converted-space\"><span lang=\"NL-BE\">\u00a0<\/span><\/span><span lang=\"NL-BE\">folgen in K\u00fcrze.<\/span><\/p>\n<\/div>\n<div>\n<p>Stay tuned!<\/p>\n<\/div>\n","after_movie_active":true,"home_menuTeasers":[],"after_movie_title":"Aftermovie ","after_movie_year":"2024","after_movie_poster":{"ID":14968,"id":14968,"title":"202405_ARF_Saturday_073","filename":"202405_ARF_Saturday_073-3-scaled.jpg","filesize":267704,"url":"https:\/\/ardennerallyfestival.be\/wp-content\/uploads\/sites\/22\/202405_ARF_Saturday_073-3-scaled.jpg","link":"https:\/\/ardennerallyfestival.be\/de\/accueil\/202405_arf_saturday_073-3\/","alt":"","author":"2","description":"","caption":"","name":"202405_arf_saturday_073-3","status":"inherit","uploaded_to":11106,"date":"2024-05-07 12:50:57","modified":"2024-05-07 12:50:57","menu_order":0,"mime_type":"image\/jpeg","type":"image","subtype":"jpeg","icon":"https:\/\/ardennerallyfestival.be\/wp-includes\/images\/media\/default.png","width":1872,"height":1248,"sizes":{"thumbnail":"https:\/\/ardennerallyfestival.be\/wp-content\/uploads\/sites\/22\/202405_ARF_Saturday_073-3-150x150.jpg","thumbnail-width":150,"thumbnail-height":150,"medium":"https:\/\/ardennerallyfestival.be\/wp-content\/uploads\/sites\/22\/202405_ARF_Saturday_073-3-300x200.jpg","medium-width":300,"medium-height":200,"large":"https:\/\/ardennerallyfestival.be\/wp-content\/uploads\/sites\/22\/202405_ARF_Saturday_073-3-1024x683.jpg","large-width":1024,"large-height":683}},"after_movie":"https:\/\/www.youtube.com\/watch?v=rNQd4qAyV7A","video":{"ID":16674,"id":16674,"title":"VF Bannie\u0300re ARF26","filename":"VF-Banniere-ARF26-3.mp4","filesize":14675772,"url":"https:\/\/ardennerallyfestival.be\/wp-content\/uploads\/sites\/22\/VF-Banniere-ARF26-3.mp4","link":"https:\/\/ardennerallyfestival.be\/de\/accueil\/vf-banniere-arf26-4\/","alt":"","author":"2","description":"","caption":"","name":"vf-banniere-arf26-4","status":"inherit","uploaded_to":11106,"date":"2026-01-20 11:51:27","modified":"2026-01-20 11:51:27","menu_order":0,"mime_type":"video\/mp4","type":"video","subtype":"mp4","icon":"https:\/\/ardennerallyfestival.be\/wp-includes\/images\/media\/video.png","width":1920,"height":1080}},"yoast_head":"<!-- This site is optimized with the Yoast SEO plugin v27.5 - https:\/\/yoast.com\/product\/yoast-seo-wordpress\/ -->\n<title>Startseite - Ardenne Rally Festival<\/title>\n<meta name=\"robots\" content=\"index, follow, max-snippet:-1, max-image-preview:large, max-video-preview:-1\" \/>\n<link rel=\"canonical\" href=\"https:\/\/ardennerallyfestival.be\/de\/\" \/>\n<meta property=\"og:locale\" content=\"de_DE\" \/>\n<meta property=\"og:type\" content=\"article\" \/>\n<meta property=\"og:title\" content=\"Startseite - Ardenne Rally Festival\" \/>\n<meta property=\"og:url\" content=\"https:\/\/ardennerallyfestival.be\/de\/\" \/>\n<meta property=\"og:site_name\" content=\"Ardenne Rally Festival\" \/>\n<meta property=\"article:modified_time\" content=\"2026-02-17T12:33:17+00:00\" \/>\n<meta name=\"twitter:card\" content=\"summary_large_image\" \/>\n<script type=\"application\/ld+json\" class=\"yoast-schema-graph\">{\"@context\":\"https:\\\/\\\/schema.org\",\"@graph\":[{\"@type\":\"WebPage\",\"@id\":\"https:\\\/\\\/ardennerallyfestival.be\\\/de\\\/\",\"url\":\"https:\\\/\\\/ardennerallyfestival.be\\\/de\\\/\",\"name\":\"Startseite - Ardenne Rally Festival\",\"isPartOf\":{\"@id\":\"https:\\\/\\\/ardennerallyfestival.be\\\/#website\"},\"datePublished\":\"2020-08-27T08:26:29+00:00\",\"dateModified\":\"2026-02-17T12:33:17+00:00\",\"breadcrumb\":{\"@id\":\"https:\\\/\\\/ardennerallyfestival.be\\\/de\\\/#breadcrumb\"},\"inLanguage\":\"de\",\"potentialAction\":[{\"@type\":\"ReadAction\",\"target\":[\"https:\\\/\\\/ardennerallyfestival.be\\\/de\\\/\"]}]},{\"@type\":\"BreadcrumbList\",\"@id\":\"https:\\\/\\\/ardennerallyfestival.be\\\/de\\\/#breadcrumb\",\"itemListElement\":[{\"@type\":\"ListItem\",\"position\":1,\"name\":\"Accueil\",\"item\":\"https:\\\/\\\/ardennerallyfestival.be\\\/de\\\/\"},{\"@type\":\"ListItem\",\"position\":2,\"name\":\"Startseite\"}]},{\"@type\":\"WebSite\",\"@id\":\"https:\\\/\\\/ardennerallyfestival.be\\\/#website\",\"url\":\"https:\\\/\\\/ardennerallyfestival.be\\\/\",\"name\":\"Ardenne Rally Festival\",\"description\":\"\",\"potentialAction\":[{\"@type\":\"SearchAction\",\"target\":{\"@type\":\"EntryPoint\",\"urlTemplate\":\"https:\\\/\\\/ardennerallyfestival.be\\\/?s={search_term_string}\"},\"query-input\":{\"@type\":\"PropertyValueSpecification\",\"valueRequired\":true,\"valueName\":\"search_term_string\"}}],\"inLanguage\":\"de\"}]}<\/script>\n<!-- \/ Yoast SEO plugin. -->","yoast_head_json":{"title":"Startseite - Ardenne Rally Festival","robots":{"index":"index","follow":"follow","max-snippet":"max-snippet:-1","max-image-preview":"max-image-preview:large","max-video-preview":"max-video-preview:-1"},"canonical":"https:\/\/ardennerallyfestival.be\/de\/","og_locale":"de_DE","og_type":"article","og_title":"Startseite - Ardenne Rally Festival","og_url":"https:\/\/ardennerallyfestival.be\/de\/","og_site_name":"Ardenne Rally Festival","article_modified_time":"2026-02-17T12:33:17+00:00","twitter_card":"summary_large_image","schema":{"@context":"https:\/\/schema.org","@graph":[{"@type":"WebPage","@id":"https:\/\/ardennerallyfestival.be\/de\/","url":"https:\/\/ardennerallyfestival.be\/de\/","name":"Startseite - Ardenne Rally Festival","isPartOf":{"@id":"https:\/\/ardennerallyfestival.be\/#website"},"datePublished":"2020-08-27T08:26:29+00:00","dateModified":"2026-02-17T12:33:17+00:00","breadcrumb":{"@id":"https:\/\/ardennerallyfestival.be\/de\/#breadcrumb"},"inLanguage":"de","potentialAction":[{"@type":"ReadAction","target":["https:\/\/ardennerallyfestival.be\/de\/"]}]},{"@type":"BreadcrumbList","@id":"https:\/\/ardennerallyfestival.be\/de\/#breadcrumb","itemListElement":[{"@type":"ListItem","position":1,"name":"Accueil","item":"https:\/\/ardennerallyfestival.be\/de\/"},{"@type":"ListItem","position":2,"name":"Startseite"}]},{"@type":"WebSite","@id":"https:\/\/ardennerallyfestival.be\/#website","url":"https:\/\/ardennerallyfestival.be\/","name":"Ardenne Rally Festival","description":"","potentialAction":[{"@type":"SearchAction","target":{"@type":"EntryPoint","urlTemplate":"https:\/\/ardennerallyfestival.be\/?s={search_term_string}"},"query-input":{"@type":"PropertyValueSpecification","valueRequired":true,"valueName":"search_term_string"}}],"inLanguage":"de"}]}},"_links":{"self":[{"href":"https:\/\/ardennerallyfestival.be\/de\/wp-json\/wp\/v2\/pages\/11106","targetHints":{"allow":["GET"]}}],"collection":[{"href":"https:\/\/ardennerallyfestival.be\/de\/wp-json\/wp\/v2\/pages"}],"about":[{"href":"https:\/\/ardennerallyfestival.be\/de\/wp-json\/wp\/v2\/types\/page"}],"author":[{"embeddable":true,"href":"https:\/\/ardennerallyfestival.be\/de\/wp-json\/wp\/v2\/users\/2"}],"replies":[{"embeddable":true,"href":"https:\/\/ardennerallyfestival.be\/de\/wp-json\/wp\/v2\/comments?post=11106"}],"version-history":[{"count":0,"href":"https:\/\/ardennerallyfestival.be\/de\/wp-json\/wp\/v2\/pages\/11106\/revisions"}],"wp:attachment":[{"href":"https:\/\/ardennerallyfestival.be\/de\/wp-json\/wp\/v2\/media?parent=11106"}],"curies":[{"name":"wp","href":"https:\/\/api.w.org\/{rel}","templated":true}]}}